{"id":308,"date":"2020-06-14T12:03:42","date_gmt":"2020-06-14T10:03:42","guid":{"rendered":"https:\/\/wp.wieseneck-hiddensee.de\/?page_id=308"},"modified":"2024-09-05T09:33:21","modified_gmt":"2024-09-05T07:33:21","slug":"historie","status":"publish","type":"page","link":"https:\/\/wieseneck-hiddensee.de\/es\/historie\/","title":{"rendered":"Historia"},"content":{"rendered":"<div data-elementor-type=\"wp-page\" data-elementor-id=\"308\" class=\"elementor elementor-308\">\n\t\t\t\t\t\t<section class=\"elementor-section elementor-top-section elementor-element elementor-element-62bf7cb7 elementor-section-boxed elementor-section-height-default elementor-section-height-default\" data-id=\"62bf7cb7\" data-element_type=\"section\" data-e-type=\"section\">\n\t\t\t\t\t\t<div class=\"elementor-container elementor-column-gap-no\">\n\t\t\t\t\t<div class=\"elementor-column elementor-col-100 elementor-top-column elementor-element elementor-element-56a84fa5\" data-id=\"56a84fa5\" data-element_type=\"column\" data-e-type=\"column\">\n\t\t\t<div class=\"elementor-widget-wrap elementor-element-populated\">\n\t\t\t\t\t\t<div class=\"elementor-element elementor-element-62abe538 elementor-widget elementor-widget-image\" data-id=\"62abe538\" data-element_type=\"widget\" data-e-type=\"widget\" data-widget_type=\"image.default\">\n\t\t\t\t<div class=\"elementor-widget-container\">\n\t\t\t\t\t\t\t\t\t\t\t\t\t\t\t<img fetchpriority=\"high\" decoding=\"async\" width=\"1600\" height=\"500\" src=\"https:\/\/wieseneck-hiddensee.de\/wp-content\/uploads\/2020\/06\/HistorischWieseneck.jpg\" class=\"attachment-full size-full wp-image-311\" alt=\"\" srcset=\"https:\/\/wieseneck-hiddensee.de\/wp-content\/uploads\/2020\/06\/HistorischWieseneck.jpg 1600w, https:\/\/wieseneck-hiddensee.de\/wp-content\/uploads\/2020\/06\/HistorischWieseneck-300x94.jpg 300w, https:\/\/wieseneck-hiddensee.de\/wp-content\/uploads\/2020\/06\/HistorischWieseneck-1024x320.jpg 1024w, https:\/\/wieseneck-hiddensee.de\/wp-content\/uploads\/2020\/06\/HistorischWieseneck-768x240.jpg 768w, https:\/\/wieseneck-hiddensee.de\/wp-content\/uploads\/2020\/06\/HistorischWieseneck-1536x480.jpg 1536w, https:\/\/wieseneck-hiddensee.de\/wp-content\/uploads\/2020\/06\/HistorischWieseneck-512x160.jpg 512w\" sizes=\"(max-width: 1600px) 100vw, 1600px\" \/>\t\t\t\t\t\t\t\t\t\t\t\t\t\t\t<\/div>\n\t\t\t\t<\/div>\n\t\t\t\t\t<\/div>\n\t\t<\/div>\n\t\t\t\t\t<\/div>\n\t\t<\/section>\n\t\t\t\t<section class=\"elementor-section elementor-top-section elementor-element elementor-element-37ae470 elementor-section-boxed elementor-section-height-default elementor-section-height-default\" data-id=\"37ae470\" data-element_type=\"section\" data-e-type=\"section\">\n\t\t\t\t\t\t<div class=\"elementor-container elementor-column-gap-default\">\n\t\t\t\t\t<div class=\"elementor-column elementor-col-100 elementor-top-column elementor-element elementor-element-a241383\" data-id=\"a241383\" data-element_type=\"column\" data-e-type=\"column\">\n\t\t\t<div class=\"elementor-widget-wrap elementor-element-populated\">\n\t\t\t\t\t\t<div class=\"elementor-element elementor-element-f0b8855 elementor-widget-divider--view-line elementor-widget elementor-widget-divider\" data-id=\"f0b8855\" data-element_type=\"widget\" data-e-type=\"widget\" data-widget_type=\"divider.default\">\n\t\t\t\t<div class=\"elementor-widget-container\">\n\t\t\t\t\t\t\t<div class=\"elementor-divider\">\n\t\t\t<span class=\"elementor-divider-separator\">\n\t\t\t\t\t\t<\/span>\n\t\t<\/div>\n\t\t\t\t\t\t<\/div>\n\t\t\t\t<\/div>\n\t\t\t\t\t<\/div>\n\t\t<\/div>\n\t\t\t\t\t<\/div>\n\t\t<\/section>\n\t\t\t\t<section class=\"elementor-section elementor-top-section elementor-element elementor-element-11d77f0 elementor-section-boxed elementor-section-height-default elementor-section-height-default\" data-id=\"11d77f0\" data-element_type=\"section\" data-e-type=\"section\">\n\t\t\t\t\t\t<div class=\"elementor-container elementor-column-gap-default\">\n\t\t\t\t\t<div class=\"elementor-column elementor-col-50 elementor-top-column elementor-element elementor-element-d654971\" data-id=\"d654971\" data-element_type=\"column\" data-e-type=\"column\">\n\t\t\t<div class=\"elementor-widget-wrap elementor-element-populated\">\n\t\t\t\t\t\t<div class=\"elementor-element elementor-element-00c204e elementor-widget elementor-widget-heading\" data-id=\"00c204e\" data-element_type=\"widget\" data-e-type=\"widget\" data-widget_type=\"heading.default\">\n\t\t\t\t<div class=\"elementor-widget-container\">\n\t\t\t\t\t<h5 class=\"elementor-heading-title elementor-size-default\">La(s) historia(s) del Wieseneck<\/h5>\t\t\t\t<\/div>\n\t\t\t\t<\/div>\n\t\t\t\t\t<\/div>\n\t\t<\/div>\n\t\t\t\t<div class=\"elementor-column elementor-col-50 elementor-top-column elementor-element elementor-element-32ce9b7\" data-id=\"32ce9b7\" data-element_type=\"column\" data-e-type=\"column\">\n\t\t\t<div class=\"elementor-widget-wrap elementor-element-populated\">\n\t\t\t\t\t\t<section class=\"elementor-section elementor-inner-section elementor-element elementor-element-18b3365 elementor-section-boxed elementor-section-height-default elementor-section-height-default\" data-id=\"18b3365\" data-element_type=\"section\" data-e-type=\"section\">\n\t\t\t\t\t\t<div class=\"elementor-container elementor-column-gap-default\">\n\t\t\t\t\t<div class=\"elementor-column elementor-col-33 elementor-inner-column elementor-element elementor-element-dd4a965\" data-id=\"dd4a965\" data-element_type=\"column\" data-e-type=\"column\">\n\t\t\t<div class=\"elementor-widget-wrap\">\n\t\t\t\t\t\t\t<\/div>\n\t\t<\/div>\n\t\t\t\t<div class=\"elementor-column elementor-col-33 elementor-inner-column elementor-element elementor-element-1952901\" data-id=\"1952901\" data-element_type=\"column\" data-e-type=\"column\">\n\t\t\t<div class=\"elementor-widget-wrap\">\n\t\t\t\t\t\t\t<\/div>\n\t\t<\/div>\n\t\t\t\t<div class=\"elementor-column elementor-col-33 elementor-inner-column elementor-element elementor-element-df7db59\" data-id=\"df7db59\" data-element_type=\"column\" data-e-type=\"column\">\n\t\t\t<div class=\"elementor-widget-wrap elementor-element-populated\">\n\t\t\t\t\t\t<div class=\"elementor-element elementor-element-8bfe132 elementor-widget elementor-widget-text-editor\" data-id=\"8bfe132\" data-element_type=\"widget\" data-e-type=\"widget\" data-widget_type=\"text-editor.default\">\n\t\t\t\t<div class=\"elementor-widget-container\">\n\t\t\t\t\t\t\t\t\t<h5 style=\"text-align: left;\"><strong>Art\u00edculos del Stralsund<\/strong> Grapado<\/h5><p style=\"text-align: left;\">Volumen 2019, <br \/>ISBN 978-3-95872-067-1, <br \/><br \/>Se puede pedir a: <br \/>Impresi\u00f3n digital Kruse, <br \/>precio: 9,50 euros<br \/>www.mv-druck.de<\/p>\t\t\t\t\t\t\t\t<\/div>\n\t\t\t\t<\/div>\n\t\t\t\t\t<\/div>\n\t\t<\/div>\n\t\t\t\t\t<\/div>\n\t\t<\/section>\n\t\t\t\t\t<\/div>\n\t\t<\/div>\n\t\t\t\t\t<\/div>\n\t\t<\/section>\n\t\t\t\t<section class=\"elementor-section elementor-top-section elementor-element elementor-element-a162677 elementor-section-boxed elementor-section-height-default elementor-section-height-default\" data-id=\"a162677\" data-element_type=\"section\" data-e-type=\"section\">\n\t\t\t\t\t\t<div class=\"elementor-container elementor-column-gap-default\">\n\t\t\t\t\t<div class=\"elementor-column elementor-col-100 elementor-top-column elementor-element elementor-element-630c69e\" data-id=\"630c69e\" data-element_type=\"column\" data-e-type=\"column\">\n\t\t\t<div class=\"elementor-widget-wrap elementor-element-populated\">\n\t\t\t\t\t\t<div class=\"elementor-element elementor-element-03ce5a5 elementor-widget-divider--view-line elementor-widget elementor-widget-divider\" data-id=\"03ce5a5\" data-element_type=\"widget\" data-e-type=\"widget\" data-widget_type=\"divider.default\">\n\t\t\t\t<div class=\"elementor-widget-container\">\n\t\t\t\t\t\t\t<div class=\"elementor-divider\">\n\t\t\t<span class=\"elementor-divider-separator\">\n\t\t\t\t\t\t<\/span>\n\t\t<\/div>\n\t\t\t\t\t\t<\/div>\n\t\t\t\t<\/div>\n\t\t\t\t\t<\/div>\n\t\t<\/div>\n\t\t\t\t\t<\/div>\n\t\t<\/section>\n\t\t\t\t<section class=\"elementor-section elementor-top-section elementor-element elementor-element-5088e9a0 elementor-section-boxed elementor-section-height-default elementor-section-height-default\" data-id=\"5088e9a0\" data-element_type=\"section\" data-e-type=\"section\">\n\t\t\t\t\t\t<div class=\"elementor-container elementor-column-gap-default\">\n\t\t\t\t\t<div class=\"elementor-column elementor-col-66 elementor-top-column elementor-element elementor-element-3dc75616\" data-id=\"3dc75616\" data-element_type=\"column\" data-e-type=\"column\">\n\t\t\t<div class=\"elementor-widget-wrap elementor-element-populated\">\n\t\t\t\t\t\t<div class=\"elementor-element elementor-element-30f0ea32 elementor-widget elementor-widget-text-editor\" data-id=\"30f0ea32\" data-element_type=\"widget\" data-e-type=\"widget\" data-widget_type=\"text-editor.default\">\n\t\t\t\t<div class=\"elementor-widget-container\">\n\t\t\t\t\t\t\t\t\t<p>En 1907 Emil Hirsekorn, un hombre de negocios de Berl\u00edn, entr\u00f3 por primera vez en la isla de Hiddensee. Durante este tiempo madur\u00f3 el plan de establecer su propio negocio en esta hermosa isla. En 1913 la casa de campo \"Wieseneck\" fue construida por Lina y Emil Hirsekorn en Kloster en la isla de Hiddensee y fue ampliada en 1921 por el \"Klosterkaffee\". La familia Hirsekorn ya hab\u00eda comenzado la construcci\u00f3n del hotel de monta\u00f1a \"Zum Klausner\" en Hiddensee en el oto\u00f1o de 1910, que se inaugur\u00f3 el 31 de mayo de 1911. El \"Wieseneck\" estaba abierto desde la primavera hasta el oto\u00f1o, los invitados ven\u00edan de todo el mundo, de Baviera, Austria, del Rin, de Berl\u00edn. Durante la Segunda Guerra Mundial, cuando comenz\u00f3 la destrucci\u00f3n de Berl\u00edn y Hamburgo, muchos propietarios de casas de verano se alojaron en Hiddensee. En 1927 lleg\u00f3 la edad moderna, hubo electricidad y las primeras radios.<\/p>\t\t\t\t\t\t\t\t<\/div>\n\t\t\t\t<\/div>\n\t\t\t\t\t<\/div>\n\t\t<\/div>\n\t\t\t\t<div class=\"elementor-column elementor-col-33 elementor-top-column elementor-element elementor-element-655d2126 elementor-invisible\" data-id=\"655d2126\" data-element_type=\"column\" data-e-type=\"column\" data-settings=\"{&quot;animation&quot;:&quot;fadeInRight&quot;}\">\n\t\t\t<div class=\"elementor-widget-wrap elementor-element-populated\">\n\t\t\t\t\t\t<div class=\"elementor-element elementor-element-a991baf elementor-widget elementor-widget-image\" data-id=\"a991baf\" data-element_type=\"widget\" data-e-type=\"widget\" data-widget_type=\"image.default\">\n\t\t\t\t<div class=\"elementor-widget-container\">\n\t\t\t\t\t\t\t\t\t\t\t\t\t\t\t<img decoding=\"async\" width=\"427\" height=\"300\" src=\"https:\/\/wieseneck-hiddensee.de\/wp-content\/uploads\/2020\/06\/Hiddensee-alt02.jpg\" class=\"attachment-full size-full wp-image-322\" alt=\"\" srcset=\"https:\/\/wieseneck-hiddensee.de\/wp-content\/uploads\/2020\/06\/Hiddensee-alt02.jpg 427w, https:\/\/wieseneck-hiddensee.de\/wp-content\/uploads\/2020\/06\/Hiddensee-alt02-300x211.jpg 300w\" sizes=\"(max-width: 427px) 100vw, 427px\" \/>\t\t\t\t\t\t\t\t\t\t\t\t\t\t\t<\/div>\n\t\t\t\t<\/div>\n\t\t\t\t\t<\/div>\n\t\t<\/div>\n\t\t\t\t\t<\/div>\n\t\t<\/section>\n\t\t\t\t<section class=\"elementor-section elementor-top-section elementor-element elementor-element-6547e53 elementor-section-boxed elementor-section-height-default elementor-section-height-default\" data-id=\"6547e53\" data-element_type=\"section\" data-e-type=\"section\">\n\t\t\t\t\t\t<div class=\"elementor-container elementor-column-gap-default\">\n\t\t\t\t\t<div class=\"elementor-column elementor-col-100 elementor-top-column elementor-element elementor-element-b8cdb26\" data-id=\"b8cdb26\" data-element_type=\"column\" data-e-type=\"column\">\n\t\t\t<div class=\"elementor-widget-wrap elementor-element-populated\">\n\t\t\t\t\t\t<div class=\"elementor-element elementor-element-ba9d378 elementor-widget-divider--view-line elementor-widget elementor-widget-divider\" data-id=\"ba9d378\" data-element_type=\"widget\" data-e-type=\"widget\" data-widget_type=\"divider.default\">\n\t\t\t\t<div class=\"elementor-widget-container\">\n\t\t\t\t\t\t\t<div class=\"elementor-divider\">\n\t\t\t<span class=\"elementor-divider-separator\">\n\t\t\t\t\t\t<\/span>\n\t\t<\/div>\n\t\t\t\t\t\t<\/div>\n\t\t\t\t<\/div>\n\t\t\t\t\t<\/div>\n\t\t<\/div>\n\t\t\t\t\t<\/div>\n\t\t<\/section>\n\t\t\t\t<section class=\"elementor-section elementor-top-section elementor-element elementor-element-8c043f5 elementor-section-boxed elementor-section-height-default elementor-section-height-default\" data-id=\"8c043f5\" data-element_type=\"section\" data-e-type=\"section\">\n\t\t\t\t\t\t<div class=\"elementor-container elementor-column-gap-default\">\n\t\t\t\t\t<div class=\"elementor-column elementor-col-66 elementor-top-column elementor-element elementor-element-18bf3ef\" data-id=\"18bf3ef\" data-element_type=\"column\" data-e-type=\"column\">\n\t\t\t<div class=\"elementor-widget-wrap elementor-element-populated\">\n\t\t\t\t\t\t<div class=\"elementor-element elementor-element-1bde423 elementor-widget elementor-widget-text-editor\" data-id=\"1bde423\" data-element_type=\"widget\" data-e-type=\"widget\" data-widget_type=\"text-editor.default\">\n\t\t\t\t<div class=\"elementor-widget-container\">\n\t\t\t\t\t\t\t\t\t<p>En los a\u00f1os de la Segunda Guerra Mundial, la situaci\u00f3n de suministro en Hiddensee se deterior\u00f3 cada vez m\u00e1s, y en 1944 el restaurante fue cerrado completamente. Al final de la guerra, el \"Wieseneck\" estaba lleno de refugiados, y en 1945 los oficiales rusos fueron acuartelados all\u00ed. En Hiddensee, muchos trabajadores rusos y polacos trabajaron en la agricultura de la finca despu\u00e9s de la guerra, y en el oto\u00f1o de 1945 muchos refugiados dejaron la isla debido a la gran escasez de alimentos.<\/p><p>\u00a0<\/p><p>En junio de 1946 la situaci\u00f3n hab\u00eda mejorado un poco, el \"Wieseneck\" fue reabierto. Durante este tiempo fue necesaria mucha improvisaci\u00f3n, a menudo hab\u00eda cortes de energ\u00eda y muy poca comida. En la posguerra hab\u00eda mucho \u00edmpetu, el r\u00e9gimen nazi hab\u00eda terminado, hab\u00eda un esp\u00edritu de optimismo.<\/p><p>\u00a0<\/p><p>Ese mismo a\u00f1o Erika Meding, una de las hijas de la familia Hirsekorn, se cas\u00f3 con Gerhard Meding. Despu\u00e9s de 1959, ambos continuaron las buenas y antiguas tradiciones de los \"Wieseneck\", que fueron moldeadas por la familia Hirsekorn. La ley no escrita de Lina Hirsekorn \"El hu\u00e9sped es el rey\" fue el principio b\u00e1sico para la familia Hirsekorn y m\u00e1s tarde para la familia Meding en los buenos y malos tiempos. El padre Hirsekorn muri\u00f3 en 1922, su esposa, Lina Hirsekorn, muri\u00f3 en 1959.<\/p>\t\t\t\t\t\t\t\t<\/div>\n\t\t\t\t<\/div>\n\t\t\t\t\t<\/div>\n\t\t<\/div>\n\t\t\t\t<div class=\"elementor-column elementor-col-33 elementor-top-column elementor-element elementor-element-7d7f0bd elementor-invisible\" data-id=\"7d7f0bd\" data-element_type=\"column\" data-e-type=\"column\" data-settings=\"{&quot;animation&quot;:&quot;fadeInRight&quot;}\">\n\t\t\t<div class=\"elementor-widget-wrap elementor-element-populated\">\n\t\t\t\t\t\t<div class=\"elementor-element elementor-element-50650ee elementor-widget elementor-widget-image\" data-id=\"50650ee\" data-element_type=\"widget\" data-e-type=\"widget\" data-widget_type=\"image.default\">\n\t\t\t\t<div class=\"elementor-widget-container\">\n\t\t\t\t\t\t\t\t\t\t\t\t\t\t\t<img decoding=\"async\" width=\"194\" height=\"300\" src=\"https:\/\/wieseneck-hiddensee.de\/wp-content\/uploads\/2020\/06\/Hiddensee-alt03.jpg\" class=\"attachment-full size-full wp-image-323\" alt=\"\" \/>\t\t\t\t\t\t\t\t\t\t\t\t\t\t\t<\/div>\n\t\t\t\t<\/div>\n\t\t\t\t\t<\/div>\n\t\t<\/div>\n\t\t\t\t\t<\/div>\n\t\t<\/section>\n\t\t\t\t<section class=\"elementor-section elementor-top-section elementor-element elementor-element-6ef854e elementor-section-boxed elementor-section-height-default elementor-section-height-default\" data-id=\"6ef854e\" data-element_type=\"section\" data-e-type=\"section\">\n\t\t\t\t\t\t<div class=\"elementor-container elementor-column-gap-default\">\n\t\t\t\t\t<div class=\"elementor-column elementor-col-100 elementor-top-column elementor-element elementor-element-12c0c08\" data-id=\"12c0c08\" data-element_type=\"column\" data-e-type=\"column\">\n\t\t\t<div class=\"elementor-widget-wrap elementor-element-populated\">\n\t\t\t\t\t\t<div class=\"elementor-element elementor-element-2ba8f3a elementor-widget-divider--view-line elementor-widget elementor-widget-divider\" data-id=\"2ba8f3a\" data-element_type=\"widget\" data-e-type=\"widget\" data-widget_type=\"divider.default\">\n\t\t\t\t<div class=\"elementor-widget-container\">\n\t\t\t\t\t\t\t<div class=\"elementor-divider\">\n\t\t\t<span class=\"elementor-divider-separator\">\n\t\t\t\t\t\t<\/span>\n\t\t<\/div>\n\t\t\t\t\t\t<\/div>\n\t\t\t\t<\/div>\n\t\t\t\t\t<\/div>\n\t\t<\/div>\n\t\t\t\t\t<\/div>\n\t\t<\/section>\n\t\t\t\t<section class=\"elementor-section elementor-top-section elementor-element elementor-element-ffff9a2 elementor-section-boxed elementor-section-height-default elementor-section-height-default\" data-id=\"ffff9a2\" data-element_type=\"section\" data-e-type=\"section\">\n\t\t\t\t\t\t<div class=\"elementor-container elementor-column-gap-default\">\n\t\t\t\t\t<div class=\"elementor-column elementor-col-66 elementor-top-column elementor-element elementor-element-a7ac31e\" data-id=\"a7ac31e\" data-element_type=\"column\" data-e-type=\"column\">\n\t\t\t<div class=\"elementor-widget-wrap elementor-element-populated\">\n\t\t\t\t\t\t<div class=\"elementor-element elementor-element-b5844c7 elementor-widget elementor-widget-text-editor\" data-id=\"b5844c7\" data-element_type=\"widget\" data-e-type=\"widget\" data-widget_type=\"text-editor.default\">\n\t\t\t\t<div class=\"elementor-widget-container\">\n\t\t\t\t\t\t\t\t\t<p>Despu\u00e9s de los disturbios de la guerra, los invitados comenzaron a llegar de nuevo lentamente. Muchos artistas famosos como Wolfgang Langhoff, J\u00fcrgen Fehling, Joana Maria Gorvin y Otto Geb\u00fchr visitaron la isla de Hiddensee y se dejaron mimar en el Wieseneck. Pero ya antes del comienzo de la guerra muchos artistas famosos como el escultor y artista gr\u00e1fico Ernst Barlach, el actor Friedrich K\u00fchne, la cantante de \u00f3pera Lotte Lehmann, el poeta Theodor D\u00e4ubler, el cr\u00edtico Herbert Jehring, el director Sladan Dudow o el editor Gustav Kiepenheuer visitaron la isla y el \"Wieseneck\".<\/p>\t\t\t\t\t\t\t\t<\/div>\n\t\t\t\t<\/div>\n\t\t\t\t\t<\/div>\n\t\t<\/div>\n\t\t\t\t<div class=\"elementor-column elementor-col-33 elementor-top-column elementor-element elementor-element-068c393 elementor-invisible\" data-id=\"068c393\" data-element_type=\"column\" data-e-type=\"column\" data-settings=\"{&quot;animation&quot;:&quot;fadeInRight&quot;}\">\n\t\t\t<div class=\"elementor-widget-wrap elementor-element-populated\">\n\t\t\t\t\t\t<div class=\"elementor-element elementor-element-b97b82d elementor-widget elementor-widget-image\" data-id=\"b97b82d\" data-element_type=\"widget\" data-e-type=\"widget\" data-widget_type=\"image.default\">\n\t\t\t\t<div class=\"elementor-widget-container\">\n\t\t\t\t\t\t\t\t\t\t\t\t\t\t\t<img loading=\"lazy\" decoding=\"async\" width=\"409\" height=\"300\" src=\"https:\/\/wieseneck-hiddensee.de\/wp-content\/uploads\/2020\/06\/Hiddensee-alt04.jpg\" class=\"attachment-fluida-lpbox-2 size-fluida-lpbox-2 wp-image-324\" alt=\"\" srcset=\"https:\/\/wieseneck-hiddensee.de\/wp-content\/uploads\/2020\/06\/Hiddensee-alt04.jpg 409w, https:\/\/wieseneck-hiddensee.de\/wp-content\/uploads\/2020\/06\/Hiddensee-alt04-300x220.jpg 300w\" sizes=\"(max-width: 409px) 100vw, 409px\" \/>\t\t\t\t\t\t\t\t\t\t\t\t\t\t\t<\/div>\n\t\t\t\t<\/div>\n\t\t\t\t\t<\/div>\n\t\t<\/div>\n\t\t\t\t\t<\/div>\n\t\t<\/section>\n\t\t\t\t<section class=\"elementor-section elementor-top-section elementor-element elementor-element-6b176e4 elementor-section-boxed elementor-section-height-default elementor-section-height-default\" data-id=\"6b176e4\" data-element_type=\"section\" data-e-type=\"section\">\n\t\t\t\t\t\t<div class=\"elementor-container elementor-column-gap-default\">\n\t\t\t\t\t<div class=\"elementor-column elementor-col-100 elementor-top-column elementor-element elementor-element-cb7c693\" data-id=\"cb7c693\" data-element_type=\"column\" data-e-type=\"column\">\n\t\t\t<div class=\"elementor-widget-wrap elementor-element-populated\">\n\t\t\t\t\t\t<div class=\"elementor-element elementor-element-14f4a50 elementor-widget-divider--view-line elementor-widget elementor-widget-divider\" data-id=\"14f4a50\" data-element_type=\"widget\" data-e-type=\"widget\" data-widget_type=\"divider.default\">\n\t\t\t\t<div class=\"elementor-widget-container\">\n\t\t\t\t\t\t\t<div class=\"elementor-divider\">\n\t\t\t<span class=\"elementor-divider-separator\">\n\t\t\t\t\t\t<\/span>\n\t\t<\/div>\n\t\t\t\t\t\t<\/div>\n\t\t\t\t<\/div>\n\t\t\t\t\t<\/div>\n\t\t<\/div>\n\t\t\t\t\t<\/div>\n\t\t<\/section>\n\t\t\t\t<section class=\"elementor-section elementor-top-section elementor-element elementor-element-948eaf0 elementor-section-boxed elementor-section-height-default elementor-section-height-default\" data-id=\"948eaf0\" data-element_type=\"section\" data-e-type=\"section\">\n\t\t\t\t\t\t<div class=\"elementor-container elementor-column-gap-default\">\n\t\t\t\t\t<div class=\"elementor-column elementor-col-66 elementor-top-column elementor-element elementor-element-8635d5a\" data-id=\"8635d5a\" data-element_type=\"column\" data-e-type=\"column\">\n\t\t\t<div class=\"elementor-widget-wrap elementor-element-populated\">\n\t\t\t\t\t\t<div class=\"elementor-element elementor-element-6e0ad78 elementor-widget elementor-widget-text-editor\" data-id=\"6e0ad78\" data-element_type=\"widget\" data-e-type=\"widget\" data-widget_type=\"text-editor.default\">\n\t\t\t\t<div class=\"elementor-widget-container\">\n\t\t\t\t\t\t\t\t\t<p>En 1953 los tiempos cambiaron, en el marco de la \"Rosa de la Acci\u00f3n\" todos los hoteles y restaurantes fueron inspeccionados por una comisi\u00f3n econ\u00f3mica estatal y posteriormente expropiados. Por la noche y la niebla, muchos propietarios dejaron el pa\u00eds para ir a Alemania Occidental. Muchos de los restaurantes y hoteles expropiados se convirtieron en establecimientos de la FDGB (Freier Deutscher Gewerkschaftsbund - Federaci\u00f3n de Sindicatos Alemanes Libres), sirvieron como propiedades de vacaciones para el servicio de vacaciones de propiedad de los sindicatos de la antigua RDA.<\/p><p>\u00a0<\/p><p>El Wieseneck no fue expropiado como otras instalaciones, sino que tuvo que convertirse en un objeto contractual de la FDGB. A partir de ese momento, no se permiti\u00f3 a m\u00e1s hu\u00e9spedes de vacaciones privadas quedarse en la casa de hu\u00e9spedes, la oferta de los restaurantes y hoteles de Hiddensee se bas\u00f3 en la asignaci\u00f3n. En los a\u00f1os ochenta la oferta empeor\u00f3, las dificultades aumentaron. En 1983 la planta de fertilizantes de Rostock fue asignada al \"Wieseneck\" como socio.<\/p><p>\u00a0<\/p><p>Gerhard Meding muri\u00f3 en 1989. Erika Meding se vio obligada a vender el rinc\u00f3n de la pradera con tierra a la planta de fertilizantes. Despu\u00e9s de la reunificaci\u00f3n, recuper\u00f3 la casa en el contexto de la retransferencia.<\/p><p>\u00a0<\/p><p>Desde 1996 la Pensi\u00f3n Wieseneck, incluyendo el restaurante, est\u00e1 a cargo de gastr\u00f3nomos berlineses. En el mismo a\u00f1o se llev\u00f3 a cabo la extensa renovaci\u00f3n de toda la casa.<\/p>\t\t\t\t\t\t\t\t<\/div>\n\t\t\t\t<\/div>\n\t\t\t\t\t<\/div>\n\t\t<\/div>\n\t\t\t\t<div class=\"elementor-column elementor-col-33 elementor-top-column elementor-element elementor-element-f2e4f8c elementor-invisible\" data-id=\"f2e4f8c\" data-element_type=\"column\" data-e-type=\"column\" data-settings=\"{&quot;animation&quot;:&quot;fadeInRight&quot;}\">\n\t\t\t<div class=\"elementor-widget-wrap elementor-element-populated\">\n\t\t\t\t\t\t<div class=\"elementor-element elementor-element-93fec81 elementor-widget elementor-widget-image\" data-id=\"93fec81\" data-element_type=\"widget\" data-e-type=\"widget\" data-widget_type=\"image.default\">\n\t\t\t\t<div class=\"elementor-widget-container\">\n\t\t\t\t\t\t\t\t\t\t\t\t\t\t\t<img loading=\"lazy\" decoding=\"async\" width=\"427\" height=\"300\" src=\"https:\/\/wieseneck-hiddensee.de\/wp-content\/uploads\/2020\/06\/Hiddensee-alt01.jpg\" class=\"attachment-large size-large wp-image-321\" alt=\"\" srcset=\"https:\/\/wieseneck-hiddensee.de\/wp-content\/uploads\/2020\/06\/Hiddensee-alt01.jpg 427w, https:\/\/wieseneck-hiddensee.de\/wp-content\/uploads\/2020\/06\/Hiddensee-alt01-300x211.jpg 300w\" sizes=\"(max-width: 427px) 100vw, 427px\" \/>\t\t\t\t\t\t\t\t\t\t\t\t\t\t\t<\/div>\n\t\t\t\t<\/div>\n\t\t\t\t\t<\/div>\n\t\t<\/div>\n\t\t\t\t\t<\/div>\n\t\t<\/section>\n\t\t\t\t<section class=\"elementor-section elementor-top-section elementor-element elementor-element-36fe328 elementor-section-boxed elementor-section-height-default elementor-section-height-default\" data-id=\"36fe328\" data-element_type=\"section\" data-e-type=\"section\">\n\t\t\t\t\t\t<div class=\"elementor-container elementor-column-gap-default\">\n\t\t\t\t\t<div class=\"elementor-column elementor-col-100 elementor-top-column elementor-element elementor-element-87323a6\" data-id=\"87323a6\" data-element_type=\"column\" data-e-type=\"column\">\n\t\t\t<div class=\"elementor-widget-wrap elementor-element-populated\">\n\t\t\t\t\t\t<div class=\"elementor-element elementor-element-1d6df13 elementor-widget-divider--view-line elementor-widget elementor-widget-divider\" data-id=\"1d6df13\" data-element_type=\"widget\" data-e-type=\"widget\" data-widget_type=\"divider.default\">\n\t\t\t\t<div class=\"elementor-widget-container\">\n\t\t\t\t\t\t\t<div class=\"elementor-divider\">\n\t\t\t<span class=\"elementor-divider-separator\">\n\t\t\t\t\t\t<\/span>\n\t\t<\/div>\n\t\t\t\t\t\t<\/div>\n\t\t\t\t<\/div>\n\t\t\t\t\t<\/div>\n\t\t<\/div>\n\t\t\t\t\t<\/div>\n\t\t<\/section>\n\t\t\t\t<\/div>","protected":false},"excerpt":{"rendered":"<p>Die Geschichte(n) vom Wieseneck Art\u00edculo de la Stralsunder Hefte Jg. 2019, ISBN 978-3-95872-067-1, Encargable en: Digitaldruck Kruse, Precio: 9,50 euroswww.mv-druck.de En 1907, Emil Hirsekorn, un hombre de negocios de Berl\u00edn, pis\u00f3 por primera vez la isla de Hiddensee, ...<\/p>","protected":false},"author":3,"featured_media":0,"parent":0,"menu_order":0,"comment_status":"closed","ping_status":"closed","template":"elementor_header_footer","meta":{"footnotes":""},"folder":[],"class_list":["post-308","page","type-page","status-publish","hentry"],"yoast_head":"<!-- This site is optimized with the Yoast SEO plugin v27.5 - https:\/\/yoast.com\/product\/yoast-seo-wordpress\/ -->\n<title>Historie - wieseneck-hiddensee<\/title>\n<meta name=\"robots\" content=\"index, follow, max-snippet:-1, max-image-preview:large, max-video-preview:-1\" \/>\n<link rel=\"canonical\" href=\"https:\/\/wieseneck-hiddensee.de\/es\/historie\/\" \/>\n<meta property=\"og:locale\" content=\"es_ES\" \/>\n<meta property=\"og:type\" content=\"article\" \/>\n<meta property=\"og:title\" content=\"Historie - wieseneck-hiddensee\" \/>\n<meta property=\"og:description\" content=\"Die Geschichte(n) vom Wieseneck Artikel aus den Stralsunder Heften Jg. 2019, ISBN 978-3-95872-067-1, Bestellbar bei: Digitaldruck Kruse, Preis: 9,50 \u20acwww.mv-druck.de 1907 betrat Emil Hirsekorn, Gesch\u00e4ftsmann aus Berlin, zum ersten mal die Insel Hiddensee, in dieser &hellip;\" \/>\n<meta property=\"og:url\" content=\"https:\/\/wieseneck-hiddensee.de\/es\/historie\/\" \/>\n<meta property=\"og:site_name\" content=\"wieseneck-hiddensee\" \/>\n<meta property=\"article:modified_time\" content=\"2024-09-05T07:33:21+00:00\" \/>\n<meta property=\"og:image\" content=\"https:\/\/wieseneck-hiddensee.de\/wp-content\/uploads\/2020\/06\/HistorischWieseneck.jpg\" \/>\n<meta name=\"twitter:card\" content=\"summary_large_image\" \/>\n<meta name=\"twitter:label1\" content=\"Tiempo de lectura\" \/>\n\t<meta name=\"twitter:data1\" content=\"5 minutos\" \/>\n<script type=\"application\/ld+json\" class=\"yoast-schema-graph\">{\"@context\":\"https:\\\/\\\/schema.org\",\"@graph\":[{\"@type\":\"WebPage\",\"@id\":\"https:\\\/\\\/wieseneck-hiddensee.de\\\/historie\\\/\",\"url\":\"https:\\\/\\\/wieseneck-hiddensee.de\\\/historie\\\/\",\"name\":\"Historie - wieseneck-hiddensee\",\"isPartOf\":{\"@id\":\"https:\\\/\\\/wieseneck-hiddensee.de\\\/#website\"},\"primaryImageOfPage\":{\"@id\":\"https:\\\/\\\/wieseneck-hiddensee.de\\\/historie\\\/#primaryimage\"},\"image\":{\"@id\":\"https:\\\/\\\/wieseneck-hiddensee.de\\\/historie\\\/#primaryimage\"},\"thumbnailUrl\":\"https:\\\/\\\/wieseneck-hiddensee.de\\\/wp-content\\\/uploads\\\/2020\\\/06\\\/HistorischWieseneck.jpg\",\"datePublished\":\"2020-06-14T10:03:42+00:00\",\"dateModified\":\"2024-09-05T07:33:21+00:00\",\"breadcrumb\":{\"@id\":\"https:\\\/\\\/wieseneck-hiddensee.de\\\/historie\\\/#breadcrumb\"},\"inLanguage\":\"es\",\"potentialAction\":[{\"@type\":\"ReadAction\",\"target\":[\"https:\\\/\\\/wieseneck-hiddensee.de\\\/historie\\\/\"]}]},{\"@type\":\"ImageObject\",\"inLanguage\":\"es\",\"@id\":\"https:\\\/\\\/wieseneck-hiddensee.de\\\/historie\\\/#primaryimage\",\"url\":\"https:\\\/\\\/wieseneck-hiddensee.de\\\/wp-content\\\/uploads\\\/2020\\\/06\\\/HistorischWieseneck.jpg\",\"contentUrl\":\"https:\\\/\\\/wieseneck-hiddensee.de\\\/wp-content\\\/uploads\\\/2020\\\/06\\\/HistorischWieseneck.jpg\"},{\"@type\":\"BreadcrumbList\",\"@id\":\"https:\\\/\\\/wieseneck-hiddensee.de\\\/historie\\\/#breadcrumb\",\"itemListElement\":[{\"@type\":\"ListItem\",\"position\":1,\"name\":\"Startseite\",\"item\":\"https:\\\/\\\/wieseneck-hiddensee.de\\\/\"},{\"@type\":\"ListItem\",\"position\":2,\"name\":\"Historie\"}]},{\"@type\":\"WebSite\",\"@id\":\"https:\\\/\\\/wieseneck-hiddensee.de\\\/#website\",\"url\":\"https:\\\/\\\/wieseneck-hiddensee.de\\\/\",\"name\":\"wieseneck-hiddensee\",\"description\":\"\",\"publisher\":{\"@id\":\"https:\\\/\\\/wieseneck-hiddensee.de\\\/#organization\"},\"potentialAction\":[{\"@type\":\"SearchAction\",\"target\":{\"@type\":\"EntryPoint\",\"urlTemplate\":\"https:\\\/\\\/wieseneck-hiddensee.de\\\/?s={search_term_string}\"},\"query-input\":{\"@type\":\"PropertyValueSpecification\",\"valueRequired\":true,\"valueName\":\"search_term_string\"}}],\"inLanguage\":\"es\"},{\"@type\":\"Organization\",\"@id\":\"https:\\\/\\\/wieseneck-hiddensee.de\\\/#organization\",\"name\":\"wieseneck-hiddensee\",\"url\":\"https:\\\/\\\/wieseneck-hiddensee.de\\\/\",\"logo\":{\"@type\":\"ImageObject\",\"inLanguage\":\"es\",\"@id\":\"https:\\\/\\\/wieseneck-hiddensee.de\\\/#\\\/schema\\\/logo\\\/image\\\/\",\"url\":\"https:\\\/\\\/wieseneck-hiddensee.de\\\/wp-content\\\/uploads\\\/2020\\\/06\\\/cropped-wieseneckillu-3web.jpg\",\"contentUrl\":\"https:\\\/\\\/wieseneck-hiddensee.de\\\/wp-content\\\/uploads\\\/2020\\\/06\\\/cropped-wieseneckillu-3web.jpg\",\"width\":563,\"height\":300,\"caption\":\"wieseneck-hiddensee\"},\"image\":{\"@id\":\"https:\\\/\\\/wieseneck-hiddensee.de\\\/#\\\/schema\\\/logo\\\/image\\\/\"}}]}<\/script>\n<!-- \/ Yoast SEO plugin. -->","yoast_head_json":{"title":"Historia - wieseneck-hiddensee","robots":{"index":"index","follow":"follow","max-snippet":"max-snippet:-1","max-image-preview":"max-image-preview:large","max-video-preview":"max-video-preview:-1"},"canonical":"https:\/\/wieseneck-hiddensee.de\/es\/historie\/","og_locale":"es_ES","og_type":"article","og_title":"Historie - wieseneck-hiddensee","og_description":"Die Geschichte(n) vom Wieseneck Artikel aus den Stralsunder Heften Jg. 2019, ISBN 978-3-95872-067-1, Bestellbar bei: Digitaldruck Kruse, Preis: 9,50 \u20acwww.mv-druck.de 1907 betrat Emil Hirsekorn, Gesch\u00e4ftsmann aus Berlin, zum ersten mal die Insel Hiddensee, in dieser &hellip;","og_url":"https:\/\/wieseneck-hiddensee.de\/es\/historie\/","og_site_name":"wieseneck-hiddensee","article_modified_time":"2024-09-05T07:33:21+00:00","og_image":[{"url":"https:\/\/wieseneck-hiddensee.de\/wp-content\/uploads\/2020\/06\/HistorischWieseneck.jpg","type":"","width":"","height":""}],"twitter_card":"summary_large_image","twitter_misc":{"Tiempo de lectura":"5 minutos"},"schema":{"@context":"https:\/\/schema.org","@graph":[{"@type":"WebPage","@id":"https:\/\/wieseneck-hiddensee.de\/historie\/","url":"https:\/\/wieseneck-hiddensee.de\/historie\/","name":"Historia - wieseneck-hiddensee","isPartOf":{"@id":"https:\/\/wieseneck-hiddensee.de\/#website"},"primaryImageOfPage":{"@id":"https:\/\/wieseneck-hiddensee.de\/historie\/#primaryimage"},"image":{"@id":"https:\/\/wieseneck-hiddensee.de\/historie\/#primaryimage"},"thumbnailUrl":"https:\/\/wieseneck-hiddensee.de\/wp-content\/uploads\/2020\/06\/HistorischWieseneck.jpg","datePublished":"2020-06-14T10:03:42+00:00","dateModified":"2024-09-05T07:33:21+00:00","breadcrumb":{"@id":"https:\/\/wieseneck-hiddensee.de\/historie\/#breadcrumb"},"inLanguage":"es","potentialAction":[{"@type":"ReadAction","target":["https:\/\/wieseneck-hiddensee.de\/historie\/"]}]},{"@type":"ImageObject","inLanguage":"es","@id":"https:\/\/wieseneck-hiddensee.de\/historie\/#primaryimage","url":"https:\/\/wieseneck-hiddensee.de\/wp-content\/uploads\/2020\/06\/HistorischWieseneck.jpg","contentUrl":"https:\/\/wieseneck-hiddensee.de\/wp-content\/uploads\/2020\/06\/HistorischWieseneck.jpg"},{"@type":"BreadcrumbList","@id":"https:\/\/wieseneck-hiddensee.de\/historie\/#breadcrumb","itemListElement":[{"@type":"ListItem","position":1,"name":"Startseite","item":"https:\/\/wieseneck-hiddensee.de\/"},{"@type":"ListItem","position":2,"name":"Historie"}]},{"@type":"WebSite","@id":"https:\/\/wieseneck-hiddensee.de\/#website","url":"https:\/\/wieseneck-hiddensee.de\/","name":"wieseneck-hiddensee","description":"","publisher":{"@id":"https:\/\/wieseneck-hiddensee.de\/#organization"},"potentialAction":[{"@type":"SearchAction","target":{"@type":"EntryPoint","urlTemplate":"https:\/\/wieseneck-hiddensee.de\/?s={search_term_string}"},"query-input":{"@type":"PropertyValueSpecification","valueRequired":true,"valueName":"search_term_string"}}],"inLanguage":"es"},{"@type":"Organization","@id":"https:\/\/wieseneck-hiddensee.de\/#organization","name":"wieseneck-hiddensee","url":"https:\/\/wieseneck-hiddensee.de\/","logo":{"@type":"ImageObject","inLanguage":"es","@id":"https:\/\/wieseneck-hiddensee.de\/#\/schema\/logo\/image\/","url":"https:\/\/wieseneck-hiddensee.de\/wp-content\/uploads\/2020\/06\/cropped-wieseneckillu-3web.jpg","contentUrl":"https:\/\/wieseneck-hiddensee.de\/wp-content\/uploads\/2020\/06\/cropped-wieseneckillu-3web.jpg","width":563,"height":300,"caption":"wieseneck-hiddensee"},"image":{"@id":"https:\/\/wieseneck-hiddensee.de\/#\/schema\/logo\/image\/"}}]}},"_links":{"self":[{"href":"https:\/\/wieseneck-hiddensee.de\/es\/wp-json\/wp\/v2\/pages\/308","targetHints":{"allow":["GET"]}}],"collection":[{"href":"https:\/\/wieseneck-hiddensee.de\/es\/wp-json\/wp\/v2\/pages"}],"about":[{"href":"https:\/\/wieseneck-hiddensee.de\/es\/wp-json\/wp\/v2\/types\/page"}],"author":[{"embeddable":true,"href":"https:\/\/wieseneck-hiddensee.de\/es\/wp-json\/wp\/v2\/users\/3"}],"replies":[{"embeddable":true,"href":"https:\/\/wieseneck-hiddensee.de\/es\/wp-json\/wp\/v2\/comments?post=308"}],"version-history":[{"count":25,"href":"https:\/\/wieseneck-hiddensee.de\/es\/wp-json\/wp\/v2\/pages\/308\/revisions"}],"predecessor-version":[{"id":3526,"href":"https:\/\/wieseneck-hiddensee.de\/es\/wp-json\/wp\/v2\/pages\/308\/revisions\/3526"}],"wp:attachment":[{"href":"https:\/\/wieseneck-hiddensee.de\/es\/wp-json\/wp\/v2\/media?parent=308"}],"wp:term":[{"taxonomy":"folder","embeddable":true,"href":"https:\/\/wieseneck-hiddensee.de\/es\/wp-json\/wp\/v2\/folder?post=308"}],"curies":[{"name":"wp","href":"https:\/\/api.w.org\/{rel}","templated":true}]}}